{"id":306,"date":"2022-06-28T21:01:54","date_gmt":"2022-06-28T21:01:54","guid":{"rendered":"https:\/\/hrf-frs.com\/fondation-pour-la-recherche-en-sante\/"},"modified":"2025-04-14T17:10:58","modified_gmt":"2025-04-14T17:10:58","slug":"fondation-pour-la-recherche-en-sante-frs","status":"publish","type":"page","link":"https:\/\/hrf-frs.com\/fr\/","title":{"rendered":"Fondation pour la recherche en sant\u00e9"},"content":{"rendered":"\n<div class=\"wp-block-cover alignfull is-light has-custom-content-position is-position-center-left home-hero hero tall\"><span aria-hidden=\"true\" class=\"wp-block-cover__background has-background-dim wp-block-cover__gradient-background has-background-gradient\" style=\"background:linear-gradient(90deg,rgba(0,0,0,0.6) 0%,rgba(0,0,0,0) 100%)\"><\/span><video class=\"wp-block-cover__video-background intrinsic-ignore\" autoplay muted loop playsinline src=\"https:\/\/innovativemedicines.ca\/wp-content\/uploads\/2023\/04\/imc_hrf_video-intro2023_v01.mp4\" data-object-fit=\"cover\"><\/video><div class=\"wp-block-cover__inner-container is-layout-flow wp-block-cover-is-layout-flow\">\n<div class=\"wp-block-group hero-content-group\"><div class=\"wp-block-group__inner-container is-layout-constrained wp-block-group-is-layout-constrained\">\n<div class=\"wp-block-group\"><div class=\"wp-block-group__inner-container is-layout-flow wp-block-group-is-layout-flow\"><h1 class=\"wp-block-post-title has-text-color has-white-color\">Fondation pour la recherche en sant\u00e9<\/h1>\n\n\n<p class=\"has-white-color has-text-color\">Nous nous engageons \u00e0 r\u00e9soudre des probl\u00e8mes li\u00e9s \u00e0 la sant\u00e9 par le financement de la recherche appliqu\u00e9e et l\u2019innovation en sant\u00e9..<\/p>\n<\/div><\/div>\n\n\n\n<div class=\"wp-block-buttons is-layout-flex wp-block-buttons-is-layout-flex\">\n<div class=\"wp-block-button\"><a class=\"wp-block-button__link wp-element-button\" href=\"#overview\">En savoir plus <i class=\"far fa-long-arrow-down\" aria-label=\"\"><\/i><\/a><\/div>\n<\/div>\n<\/div><\/div>\n<\/div><\/div>\n\n\n\n<div class=\"wp-block-group alignfull\" id=\"overview\"><div class=\"wp-block-group__inner-container is-layout-flow wp-block-group-is-layout-flow\">\n<div class=\"wp-block-columns alignfull extra-mobile-margin is-layout-flex wp-container-core-columns-is-layout-9d6595d7 wp-block-columns-is-layout-flex\">\n<div class=\"wp-block-column is-layout-flow wp-block-column-is-layout-flow\">\n<figure class=\"wp-block-image size-large fit-content\"><img decoding=\"async\" src=\"https:\/\/hrf-frs.com\/wp-content\/uploads\/sites\/2\/2025\/04\/hrf-research-hero-1024x683.jpeg\" alt=\"Researcher placing a slide under a microscope\" class=\"wp-image-15465\"\/><\/figure>\n\n\n\n<h3 class=\"wp-block-heading\">Recherche<\/h3>\n\n\n\n<p class=\"has-small-font-size\">Nous b\u00e9n\u00e9ficions tous de meilleurs r\u00e9sultats durables pour les patients et le syst\u00e8me de sant\u00e9 du Canada.<\/p>\n\n\n\n<div class=\"wp-block-buttons is-layout-flex wp-block-buttons-is-layout-flex\">\n<div class=\"wp-block-button\"><a class=\"wp-block-button__link wp-element-button\" href=\"\/fr\/fondation-pour-la-recherche-en-sante\/recherche\/\">En savoir plus<\/a><\/div>\n<\/div>\n<\/div>\n\n\n\n<div class=\"wp-block-column is-layout-flow wp-block-column-is-layout-flow\">\n<figure class=\"wp-block-image size-large fit-content\"><img decoding=\"async\" src=\"https:\/\/hrf-frs.com\/wp-content\/uploads\/sites\/2\/2025\/04\/Group-Photo-HRF-Awards-1024x769.jpeg\" alt=\"\" class=\"wp-image-16221\"\/><\/figure>\n\n\n\n<h3 class=\"wp-block-heading\">Prix<\/h3>\n\n\n\n<p class=\"has-small-font-size\">Reconna\u00eetre l\u2019excellence dans le domaine de la recherche et y investir.<\/p>\n\n\n\n<div class=\"wp-block-buttons is-layout-flex wp-block-buttons-is-layout-flex\">\n<div class=\"wp-block-button\"><a class=\"wp-block-button__link wp-element-button\" href=\"https:\/\/innovativemedicines.ca\/fr\/fondation-pour-la-recherche-en-sante\/prix\/\">En savoir plus<\/a><\/div>\n<\/div>\n<\/div>\n\n\n\n<div class=\"wp-block-column is-layout-flow wp-block-column-is-layout-flow\">\n<figure class=\"wp-block-image size-large fit-content\"><img decoding=\"async\" src=\"https:\/\/hrf-frs.com\/wp-content\/uploads\/sites\/2\/2025\/04\/hrf-about-hero-1024x547.jpg\" alt=\"Medical professionals collaborating in a small meeting room.\" class=\"wp-image-15439\"\/><\/figure>\n\n\n\n<h3 class=\"wp-block-heading\">\u00c0 propos<\/h3>\n\n\n\n<p class=\"has-small-font-size\">La Fondation pour la recherche en sant\u00e9 (FRS) est un organisme canadien \u00e0 but non lucratif.<\/p>\n\n\n\n<div class=\"wp-block-buttons is-layout-flex wp-block-buttons-is-layout-flex\">\n<div class=\"wp-block-button\"><a class=\"wp-block-button__link wp-element-button\" href=\"https:\/\/innovativemedicines.ca\/fr\/fondation-pour-la-recherche-en-sante\/a-propos\/\">En savoir plus<\/a><\/div>\n<\/div>\n<\/div>\n<\/div>\n<\/div><\/div>\n\n\n\n<div class=\"wp-block-group alignfull no-margin has-light-grey-background-color has-background\" id=\"blog\"><div class=\"wp-block-group__inner-container is-layout-constrained wp-block-group-is-layout-constrained\">\n<div class=\"wp-block-group\"><div class=\"wp-block-group__inner-container is-layout-constrained wp-block-group-is-layout-constrained\">\n<div class=\"wp-block-group is-theme-cyan featured-section\"><div class=\"wp-block-group__inner-container is-layout-flow wp-block-group-is-layout-flow\">\n<div class=\"wp-block-group\"><div class=\"wp-block-group__inner-container is-layout-flow wp-block-group-is-layout-flow\">\n<h2 class=\"wp-block-heading is-style-eyebrow\">blog en vedette<\/h2>\n<\/div><\/div>\n\n\n\n<div class=\"wp-block-group featured-container no-margin\"><div class=\"wp-block-group__inner-container is-layout-flow wp-block-group-is-layout-flow\"><article itemscope itemtype=\"http:\/\/schema.org\/Article\" class=\"resource blog\">\n\t<div class=\"wp-block-columns no-margin is-not-stacked-on-mobile\">\n\t\t<header class=\"wp-block-column no-margin\" style=\"flex-basis:33%\">\n\t\t\t<a href=\"https:\/\/hrf-frs.com\/fr\/blogues\/le-60e-anniversaire-de-la-fondation-pour-la-recherche-en-sante-des-reussites-et-un-regard-tourne-vers-lavenir\/\">\n\t\t\t\t<img loading=\"lazy\" decoding=\"async\" width=\"300\" height=\"193\" src=\"https:\/\/hrf-frs.com\/wp-content\/uploads\/sites\/2\/2025\/04\/imc-hrf-60-scaled-1-300x193.jpg\" class=\"attachment-medium size-medium wp-post-image\" alt=\"\" srcset=\"https:\/\/hrf-frs.com\/wp-content\/uploads\/sites\/2\/2025\/04\/imc-hrf-60-scaled-1-300x193.jpg 300w, https:\/\/hrf-frs.com\/wp-content\/uploads\/sites\/2\/2025\/04\/imc-hrf-60-scaled-1-1024x658.jpg 1024w, https:\/\/hrf-frs.com\/wp-content\/uploads\/sites\/2\/2025\/04\/imc-hrf-60-scaled-1-768x494.jpg 768w, https:\/\/hrf-frs.com\/wp-content\/uploads\/sites\/2\/2025\/04\/imc-hrf-60-scaled-1-1536x988.jpg 1536w, https:\/\/hrf-frs.com\/wp-content\/uploads\/sites\/2\/2025\/04\/imc-hrf-60-scaled-1-744x478.jpg 744w, https:\/\/hrf-frs.com\/wp-content\/uploads\/sites\/2\/2025\/04\/imc-hrf-60-scaled-1.jpg 1980w\" sizes=\"auto, (max-width: 300px) 100vw, 300px\" \/>\t\t\t<\/a>\n\t\t<\/header>\n\t\t<div class=\"wp-block-column no-margin content\" style=\"flex-basis:66%\">\n            <p class=\"post-meta small\">\n                            <span class=\"date\" itemprop=\"datePublished\">24 juillet 2024<\/span>\t\t\t\t\n\t\t\t<\/p>\n\t\t\t<h3 itemprop=\"headline\" class=\"h5\"><a href=\"https:\/\/hrf-frs.com\/fr\/blogues\/le-60e-anniversaire-de-la-fondation-pour-la-recherche-en-sante-des-reussites-et-un-regard-tourne-vers-lavenir\/\">Le 60e\u00a0anniversaire de la Fondation pour la recherche en sant\u00e9\u00a0: des r\u00e9ussites et un regard tourn\u00e9 vers l\u2019avenir<\/a><\/h3>\t\t\t\n\t\t\t<p>Ce mois-ci, la Fondation pour la recherche en sant\u00e9 (FRS) c\u00e9l\u00e8bre 60 ans d&rsquo;avanc\u00e9es en recherche et innovation en sant\u00e9 au Canada. Fond\u00e9e par M\u00e9dicaments novateurs Canada (MNC) et financ\u00e9e par ses membres, la FRS s&rsquo;est affirm\u00e9e comme un acteur essentiel dans le domaine. \u00c0 l&rsquo;occasion de cet anniversaire, nous soulignons les r\u00e9alisations pass\u00e9es rendues possibles par les membres de MNC et nous tournons vers l&rsquo;avenir pour continuer \u00e0 am\u00e9liorer les soins de sant\u00e9 et changer la vie des Canadiens.<\/p>\n\t\t\t<p class=\"read-more has-small-font-size\">\n                <a href=\"https:\/\/hrf-frs.com\/fr\/blogues\/le-60e-anniversaire-de-la-fondation-pour-la-recherche-en-sante-des-reussites-et-un-regard-tourne-vers-lavenir\/\">En savoir plus<\/a>\n            <\/p>\n\t\t<\/div>\n\t<\/div> <!-- .wp-block-columns -->\n<\/article>\t<!-- #post-content -->\n\n<\/div><\/div>\n\n\n\n<div class=\"wp-block-buttons is-layout-flex wp-block-buttons-is-layout-flex\">\n<div class=\"wp-block-button\"><a class=\"wp-block-button__link has-black-color has-text-color wp-element-button\" href=\"https:\/\/hrf-frs.com\/fr\/blogues\/\" target=\"_blank\" rel=\"noreferrer noopener\">Voir tout<\/a><\/div>\n<\/div>\n<\/div><\/div>\n<\/div><\/div>\n<\/div><\/div>\n\n\n\n<div class=\"wp-block-group alignfull is-padded no-margin\" id=\"nouvelles\"><div class=\"wp-block-group__inner-container is-layout-flow wp-block-group-is-layout-flow\">\n<div class=\"wp-block-group alignfull is-theme-cyan no-margin featured-section slider-section\"><div class=\"wp-block-group__inner-container is-layout-flow wp-block-group-is-layout-flow\">\n<div class=\"wp-block-columns alignfull is-not-stacked-on-mobile low-margin is-layout-flex wp-container-core-columns-is-layout-9d6595d7 wp-block-columns-is-layout-flex\">\n<div class=\"wp-block-column is-layout-flow wp-block-column-is-layout-flow\" style=\"flex-basis:50%\">\n<div class=\"wp-block-group\"><div class=\"wp-block-group__inner-container is-layout-flow wp-block-group-is-layout-flow\">\n<h2 class=\"wp-block-heading is-style-eyebrow\">Nouvelles<\/h2>\n<\/div><\/div>\n<\/div>\n\n\n\n<div class=\"wp-block-column slider-controls is-layout-flow wp-block-column-is-layout-flow\" style=\"flex-basis:50%\"><\/div>\n<\/div>\n\n\n\n<div class=\"wp-block-group alignfull featured-container post-slider news-slider\"><div class=\"wp-block-group__inner-container is-layout-flow wp-block-group-is-layout-flow\"><article itemscope itemtype=\"http:\/\/schema.org\/Article\" class=\"post news\" aria-label=\"news\">\n    <a href=\"https:\/\/hrf-frs.com\/fr\/nouvelles\/proposez-des-candidatures-dacteurs-du-changement-en-recherche-sur-lequite-en-sante\/\">\n        <header class=\"no-margin\">\n            <img loading=\"lazy\" decoding=\"async\" width=\"744\" height=\"427\" src=\"https:\/\/hrf-frs.com\/wp-content\/uploads\/sites\/2\/2025\/05\/hrf-logo-square-e1746545188426-744x427.png\" class=\"attachment-archive-thumbnail size-archive-thumbnail wp-post-image\" alt=\"\" srcset=\"https:\/\/hrf-frs.com\/wp-content\/uploads\/sites\/2\/2025\/05\/hrf-logo-square-e1746545188426-744x427.png 744w, https:\/\/hrf-frs.com\/wp-content\/uploads\/sites\/2\/2025\/05\/hrf-logo-square-e1746545188426-300x172.png 300w, https:\/\/hrf-frs.com\/wp-content\/uploads\/sites\/2\/2025\/05\/hrf-logo-square-e1746545188426-1024x587.png 1024w, https:\/\/hrf-frs.com\/wp-content\/uploads\/sites\/2\/2025\/05\/hrf-logo-square-e1746545188426-768x440.png 768w, https:\/\/hrf-frs.com\/wp-content\/uploads\/sites\/2\/2025\/05\/hrf-logo-square-e1746545188426.png 1500w\" sizes=\"auto, (max-width: 744px) 100vw, 744px\" \/>        <\/header>\n\n        <div class=\"wp-block-group has-light-grey-background-color has-background is-lightly-padded no-margin\">\n            <div class=\"wp-block-group__inner-container\">\n                <p class=\"is-style-eyebrow no-underline date-category\">\n                                            <span itemprop=\"articleSection\" class=\"news-category\">Communiqu\u00e9<\/span>\n                    \n                    <span itemprop=\"datePublished\">22 avril 2026<\/span>\n                <\/p>\n\n                <h2 itemprop=\"headline\" class=\"h5\">Proposez des candidatures d\u2019acteurs du changement en recherche sur l\u2019\u00e9quit\u00e9 en sant\u00e9<\/h2>\n                \n                <p>Ottawa, le 23\u00a0avril\u00a0\u2013 La Fondation pour la recherche en sant\u00e9 (FRS) de M\u00e9dicaments novateurs Canada (MNC) a le plaisir d\u2019annoncer [&hellip;]<\/p>\n            <\/div>\n        <\/div>\n    <\/a>\n<\/article> <!-- #post-content -->\n<article itemscope itemtype=\"http:\/\/schema.org\/Article\" class=\"post news\" aria-label=\"news\">\n    <a href=\"https:\/\/hrf-frs.com\/fr\/nouvelles\/proposez-la-candidature-dun-leader-en-sante-qui-contribue-au-progres\/\">\n        <header class=\"no-margin\">\n            <img loading=\"lazy\" decoding=\"async\" width=\"576\" height=\"576\" src=\"https:\/\/hrf-frs.com\/wp-content\/uploads\/sites\/2\/2026\/04\/6-576x576.png\" class=\"attachment-archive-thumbnail size-archive-thumbnail wp-post-image\" alt=\"\" srcset=\"https:\/\/hrf-frs.com\/wp-content\/uploads\/sites\/2\/2026\/04\/6-576x576.png 576w, https:\/\/hrf-frs.com\/wp-content\/uploads\/sites\/2\/2026\/04\/6-300x300.png 300w, https:\/\/hrf-frs.com\/wp-content\/uploads\/sites\/2\/2026\/04\/6-150x150.png 150w, https:\/\/hrf-frs.com\/wp-content\/uploads\/sites\/2\/2026\/04\/6-768x768.png 768w, https:\/\/hrf-frs.com\/wp-content\/uploads\/sites\/2\/2026\/04\/6.png 800w\" sizes=\"auto, (max-width: 576px) 100vw, 576px\" \/>        <\/header>\n\n        <div class=\"wp-block-group has-light-grey-background-color has-background is-lightly-padded no-margin\">\n            <div class=\"wp-block-group__inner-container\">\n                <p class=\"is-style-eyebrow no-underline date-category\">\n                                            <span itemprop=\"articleSection\" class=\"news-category\">Communiqu\u00e9<\/span>\n                    \n                    <span itemprop=\"datePublished\">02 avril 2026<\/span>\n                <\/p>\n\n                <h2 itemprop=\"headline\" class=\"h5\">Proposez la candidature d\u2019un leader en sant\u00e9 qui contribue au progr\u00e8s<\/h2>\n                \n                <p>Ottawa, le 2&nbsp;avril&nbsp;\u2013 La Fondation pour la recherche en sant\u00e9 (FRS) de M\u00e9dicaments novateurs Canada (MNC) est fi\u00e8re d\u2019annoncer que [&hellip;]<\/p>\n            <\/div>\n        <\/div>\n    <\/a>\n<\/article> <!-- #post-content -->\n<article itemscope itemtype=\"http:\/\/schema.org\/Article\" class=\"post news\" aria-label=\"news\">\n    <a href=\"https:\/\/hrf-frs.com\/fr\/nouvelles\/la-fondation-pour-la-recherche-en-sante-annonce-les-recipiendaires-de-la-medaille-dhonneur-et-du-prix-pour-la-diversite-et-lequite-en-recherche-2025\/\">\n        <header class=\"no-margin\">\n            <img loading=\"lazy\" decoding=\"async\" width=\"744\" height=\"496\" src=\"https:\/\/hrf-frs.com\/wp-content\/uploads\/sites\/2\/2025\/11\/moh.dei_-744x496.jpg\" class=\"attachment-archive-thumbnail size-archive-thumbnail wp-post-image\" alt=\"\" srcset=\"https:\/\/hrf-frs.com\/wp-content\/uploads\/sites\/2\/2025\/11\/moh.dei_-744x496.jpg 744w, https:\/\/hrf-frs.com\/wp-content\/uploads\/sites\/2\/2025\/11\/moh.dei_-300x200.jpg 300w, https:\/\/hrf-frs.com\/wp-content\/uploads\/sites\/2\/2025\/11\/moh.dei_-1024x683.jpg 1024w, https:\/\/hrf-frs.com\/wp-content\/uploads\/sites\/2\/2025\/11\/moh.dei_-768x512.jpg 768w, https:\/\/hrf-frs.com\/wp-content\/uploads\/sites\/2\/2025\/11\/moh.dei_-1536x1024.jpg 1536w, https:\/\/hrf-frs.com\/wp-content\/uploads\/sites\/2\/2025\/11\/moh.dei_.jpg 1920w\" sizes=\"auto, (max-width: 744px) 100vw, 744px\" \/>        <\/header>\n\n        <div class=\"wp-block-group has-light-grey-background-color has-background is-lightly-padded no-margin\">\n            <div class=\"wp-block-group__inner-container\">\n                <p class=\"is-style-eyebrow no-underline date-category\">\n                                            <span itemprop=\"articleSection\" class=\"news-category\">Communiqu\u00e9<\/span>\n                    \n                    <span itemprop=\"datePublished\">20 novembre 2025<\/span>\n                <\/p>\n\n                <h2 itemprop=\"headline\" class=\"h5\">La Fondation pour la recherche en sant\u00e9 annonce les r\u00e9cipiendaires de la M\u00e9daille d\u2019honneur et du prix pour la diversit\u00e9 et l\u2019\u00e9quit\u00e9 en recherche 2025<\/h2>\n                \n                <p>La Fondation pour la recherche en sant\u00e9 (FRS) est fi\u00e8re de c\u00e9l\u00e9brer le Dr Jeffrey Weitz et Juliet Daniel, deux [&hellip;]<\/p>\n            <\/div>\n        <\/div>\n    <\/a>\n<\/article> <!-- #post-content -->\n<article itemscope itemtype=\"http:\/\/schema.org\/Article\" class=\"post news\" aria-label=\"news\">\n    <a href=\"https:\/\/hrf-frs.com\/fr\/nouvelles\/sanofi-remporte-le-prix-galien-canada-produit-innovateur-2025\/\">\n        <header class=\"no-margin\">\n            <img loading=\"lazy\" decoding=\"async\" width=\"744\" height=\"419\" src=\"https:\/\/hrf-frs.com\/wp-content\/uploads\/sites\/2\/2025\/11\/Prix-Galien_2025-744x419.jpg\" class=\"attachment-archive-thumbnail size-archive-thumbnail wp-post-image\" alt=\"\" srcset=\"https:\/\/hrf-frs.com\/wp-content\/uploads\/sites\/2\/2025\/11\/Prix-Galien_2025-744x419.jpg 744w, https:\/\/hrf-frs.com\/wp-content\/uploads\/sites\/2\/2025\/11\/Prix-Galien_2025-300x169.jpg 300w, https:\/\/hrf-frs.com\/wp-content\/uploads\/sites\/2\/2025\/11\/Prix-Galien_2025-1024x576.jpg 1024w, https:\/\/hrf-frs.com\/wp-content\/uploads\/sites\/2\/2025\/11\/Prix-Galien_2025-768x432.jpg 768w, https:\/\/hrf-frs.com\/wp-content\/uploads\/sites\/2\/2025\/11\/Prix-Galien_2025-1536x864.jpg 1536w, https:\/\/hrf-frs.com\/wp-content\/uploads\/sites\/2\/2025\/11\/Prix-Galien_2025.jpg 1600w\" sizes=\"auto, (max-width: 744px) 100vw, 744px\" \/>        <\/header>\n\n        <div class=\"wp-block-group has-light-grey-background-color has-background is-lightly-padded no-margin\">\n            <div class=\"wp-block-group__inner-container\">\n                <p class=\"is-style-eyebrow no-underline date-category\">\n                                            <span itemprop=\"articleSection\" class=\"news-category\">Communiqu\u00e9<\/span>\n                    \n                    <span itemprop=\"datePublished\">20 novembre 2025<\/span>\n                <\/p>\n\n                <h2 itemprop=\"headline\" class=\"h5\">Sanofi remporte le Prix Galien Canada Produit innovateur 2025<\/h2>\n                \n                <p>La Fondation pour la recherche en sant\u00e9 (FRS) est fi\u00e8re de f\u00e9liciter Sanofi, r\u00e9cipiendaire du Prix Galien Canada Produit innovateur\u00a02025! [&hellip;]<\/p>\n            <\/div>\n        <\/div>\n    <\/a>\n<\/article> <!-- #post-content -->\n<article itemscope itemtype=\"http:\/\/schema.org\/Article\" class=\"post news\" aria-label=\"news\">\n    <a href=\"https:\/\/hrf-frs.com\/fr\/nouvelles\/lappel-de-candidatures-pour-le-prix-pour-la-diversite-et-lequite-en-recherche-2025-est-maintenant-ouvert\/\">\n        <header class=\"no-margin\">\n            <img loading=\"lazy\" decoding=\"async\" width=\"744\" height=\"427\" src=\"https:\/\/hrf-frs.com\/wp-content\/uploads\/sites\/2\/2025\/05\/hrf-logo-square-e1746545188426-744x427.png\" class=\"attachment-archive-thumbnail size-archive-thumbnail wp-post-image\" alt=\"\" srcset=\"https:\/\/hrf-frs.com\/wp-content\/uploads\/sites\/2\/2025\/05\/hrf-logo-square-e1746545188426-744x427.png 744w, https:\/\/hrf-frs.com\/wp-content\/uploads\/sites\/2\/2025\/05\/hrf-logo-square-e1746545188426-300x172.png 300w, https:\/\/hrf-frs.com\/wp-content\/uploads\/sites\/2\/2025\/05\/hrf-logo-square-e1746545188426-1024x587.png 1024w, https:\/\/hrf-frs.com\/wp-content\/uploads\/sites\/2\/2025\/05\/hrf-logo-square-e1746545188426-768x440.png 768w, https:\/\/hrf-frs.com\/wp-content\/uploads\/sites\/2\/2025\/05\/hrf-logo-square-e1746545188426.png 1500w\" sizes=\"auto, (max-width: 744px) 100vw, 744px\" \/>        <\/header>\n\n        <div class=\"wp-block-group has-light-grey-background-color has-background is-lightly-padded no-margin\">\n            <div class=\"wp-block-group__inner-container\">\n                <p class=\"is-style-eyebrow no-underline date-category\">\n                                            <span itemprop=\"articleSection\" class=\"news-category\">Communiqu\u00e9<\/span>\n                    \n                    <span itemprop=\"datePublished\">05 mai 2025<\/span>\n                <\/p>\n\n                <h2 itemprop=\"headline\" class=\"h5\">L\u2019Appel de Candidatures pour le Prix pour la Diversit\u00e9 et L\u2019\u00c9quit\u00e9 en Recherche 2025 est Maintenant Ouvert<\/h2>\n                \n                <p>Soumettez des Candidatures de Pionniers de L&rsquo;\u00c9quit\u00e9 en Mati\u00e8re de Sant\u00e9\u00a0 Ottawa, le 5\u202fmai\u202f2025.\u202f\u2013 La Fondation pour la recherche en [&hellip;]<\/p>\n            <\/div>\n        <\/div>\n    <\/a>\n<\/article> <!-- #post-content -->\n<article itemscope itemtype=\"http:\/\/schema.org\/Article\" class=\"post news\" aria-label=\"news\">\n    <a href=\"https:\/\/hrf-frs.com\/fr\/nouvelles\/la-fondation-pour-la-recherche-en-sante-accepte-maintenant-les-candidatures-pour-sa-medaille-dhonneur-de-2025\/\">\n        <header class=\"no-margin\">\n            <img loading=\"lazy\" decoding=\"async\" width=\"576\" height=\"576\" src=\"https:\/\/hrf-frs.com\/wp-content\/uploads\/sites\/2\/2025\/04\/6798_IMC_SocialCards_2025_MOHaward_fre_final-576x576.jpg\" class=\"attachment-archive-thumbnail size-archive-thumbnail wp-post-image\" alt=\"\" srcset=\"https:\/\/hrf-frs.com\/wp-content\/uploads\/sites\/2\/2025\/04\/6798_IMC_SocialCards_2025_MOHaward_fre_final-576x576.jpg 576w, https:\/\/hrf-frs.com\/wp-content\/uploads\/sites\/2\/2025\/04\/6798_IMC_SocialCards_2025_MOHaward_fre_final-300x300.jpg 300w, https:\/\/hrf-frs.com\/wp-content\/uploads\/sites\/2\/2025\/04\/6798_IMC_SocialCards_2025_MOHaward_fre_final-1024x1024.jpg 1024w, https:\/\/hrf-frs.com\/wp-content\/uploads\/sites\/2\/2025\/04\/6798_IMC_SocialCards_2025_MOHaward_fre_final-150x150.jpg 150w, https:\/\/hrf-frs.com\/wp-content\/uploads\/sites\/2\/2025\/04\/6798_IMC_SocialCards_2025_MOHaward_fre_final-768x768.jpg 768w, https:\/\/hrf-frs.com\/wp-content\/uploads\/sites\/2\/2025\/04\/6798_IMC_SocialCards_2025_MOHaward_fre_final-1536x1536.jpg 1536w, https:\/\/hrf-frs.com\/wp-content\/uploads\/sites\/2\/2025\/04\/6798_IMC_SocialCards_2025_MOHaward_fre_final-2048x2048.jpg 2048w, https:\/\/hrf-frs.com\/wp-content\/uploads\/sites\/2\/2025\/04\/6798_IMC_SocialCards_2025_MOHaward_fre_final-scaled.jpg 1980w\" sizes=\"auto, (max-width: 576px) 100vw, 576px\" \/>        <\/header>\n\n        <div class=\"wp-block-group has-light-grey-background-color has-background is-lightly-padded no-margin\">\n            <div class=\"wp-block-group__inner-container\">\n                <p class=\"is-style-eyebrow no-underline date-category\">\n                                            <span itemprop=\"articleSection\" class=\"news-category\">Communiqu\u00e9<\/span>\n                    \n                    <span itemprop=\"datePublished\">23 avril 2025<\/span>\n                <\/p>\n\n                <h2 itemprop=\"headline\" class=\"h5\">La fondation pour la recherche en sant\u00e9 accepte maintenant les candidatures pour sa m\u00e9daille d\u2019honneur de 2025<\/h2>\n                \n                <p>PROPOSEZ LA CANDIDATURE D\u2019UNE PERSONNE EXCEPTIONNELLE QUI CONTRIBUE AUX PROGR\u00c8S DES SCIENCES DE LA SANT\u00c9, DES POLITIQUES ET DE LA [&hellip;]<\/p>\n            <\/div>\n        <\/div>\n    <\/a>\n<\/article> <!-- #post-content -->\n<article itemscope itemtype=\"http:\/\/schema.org\/Article\" class=\"post news\" aria-label=\"news\">\n    <a href=\"https:\/\/hrf-frs.com\/fr\/nouvelles\/bristol-myers-squibb-canada-remporte-le-prix-galien-canada-produit-innovateur-2024\/\">\n        <header class=\"no-margin\">\n            <img loading=\"lazy\" decoding=\"async\" width=\"744\" height=\"496\" src=\"https:\/\/hrf-frs.com\/wp-content\/uploads\/sites\/2\/2025\/04\/elaine-phillips-scaled-1-744x496.jpg\" class=\"attachment-archive-thumbnail size-archive-thumbnail wp-post-image\" alt=\"\" srcset=\"https:\/\/hrf-frs.com\/wp-content\/uploads\/sites\/2\/2025\/04\/elaine-phillips-scaled-1-744x496.jpg 744w, https:\/\/hrf-frs.com\/wp-content\/uploads\/sites\/2\/2025\/04\/elaine-phillips-scaled-1-300x200.jpg 300w, https:\/\/hrf-frs.com\/wp-content\/uploads\/sites\/2\/2025\/04\/elaine-phillips-scaled-1-1024x683.jpg 1024w, https:\/\/hrf-frs.com\/wp-content\/uploads\/sites\/2\/2025\/04\/elaine-phillips-scaled-1-768x512.jpg 768w, https:\/\/hrf-frs.com\/wp-content\/uploads\/sites\/2\/2025\/04\/elaine-phillips-scaled-1-1536x1024.jpg 1536w, https:\/\/hrf-frs.com\/wp-content\/uploads\/sites\/2\/2025\/04\/elaine-phillips-scaled-1.jpg 1980w\" sizes=\"auto, (max-width: 744px) 100vw, 744px\" \/>        <\/header>\n\n        <div class=\"wp-block-group has-light-grey-background-color has-background is-lightly-padded no-margin\">\n            <div class=\"wp-block-group__inner-container\">\n                <p class=\"is-style-eyebrow no-underline date-category\">\n                                            <span itemprop=\"articleSection\" class=\"news-category\">Communiqu\u00e9<\/span>\n                    \n                    <span itemprop=\"datePublished\">20 novembre 2024<\/span>\n                <\/p>\n\n                <h2 itemprop=\"headline\" class=\"h5\">Bristol-Myers Squibb Canada remporte le Prix  Galien Canada Produit innovateur\u00a02024<\/h2>\n                \n                <p>RECONNAISSANCE DE CAMZYOSMC DANS LE TRAITEMENT DE LA CARDIOMYOPATHIE HYPERTROPHIQUE OBSTRUCTIVE Ottawa, le 19&nbsp;novembre&nbsp;2024.&nbsp;\u2013 Prix Galien Canada est heureux d\u2019annoncer [&hellip;]<\/p>\n            <\/div>\n        <\/div>\n    <\/a>\n<\/article> <!-- #post-content -->\n<article itemscope itemtype=\"http:\/\/schema.org\/Article\" class=\"post news\" aria-label=\"news\">\n    <a href=\"https:\/\/hrf-frs.com\/fr\/nouvelles\/la-fondation-pour-la-recherche-en-sante-annonce-les-recipiendaires-de-la-medaille-dhonneur-et-du-prix-pour-la-diversite-et-lequite-en-recherche-2024\/\">\n        <header class=\"no-margin\">\n            <img loading=\"lazy\" decoding=\"async\" width=\"744\" height=\"496\" src=\"https:\/\/hrf-frs.com\/wp-content\/uploads\/sites\/2\/2025\/04\/dr-sonia-anand_and_dr-michael-hill-scaled-1.jpg\" class=\"attachment-archive-thumbnail size-archive-thumbnail wp-post-image\" alt=\"\" srcset=\"https:\/\/hrf-frs.com\/wp-content\/uploads\/sites\/2\/2025\/04\/dr-sonia-anand_and_dr-michael-hill-scaled-1.jpg 1980w, https:\/\/hrf-frs.com\/wp-content\/uploads\/sites\/2\/2025\/04\/dr-sonia-anand_and_dr-michael-hill-scaled-1-300x200.jpg 300w, https:\/\/hrf-frs.com\/wp-content\/uploads\/sites\/2\/2025\/04\/dr-sonia-anand_and_dr-michael-hill-scaled-1-1024x683.jpg 1024w, https:\/\/hrf-frs.com\/wp-content\/uploads\/sites\/2\/2025\/04\/dr-sonia-anand_and_dr-michael-hill-scaled-1-768x512.jpg 768w, https:\/\/hrf-frs.com\/wp-content\/uploads\/sites\/2\/2025\/04\/dr-sonia-anand_and_dr-michael-hill-scaled-1-1536x1024.jpg 1536w\" sizes=\"auto, (max-width: 744px) 100vw, 744px\" \/>        <\/header>\n\n        <div class=\"wp-block-group has-light-grey-background-color has-background is-lightly-padded no-margin\">\n            <div class=\"wp-block-group__inner-container\">\n                <p class=\"is-style-eyebrow no-underline date-category\">\n                                            <span itemprop=\"articleSection\" class=\"news-category\">Communiqu\u00e9<\/span>\n                    \n                    <span itemprop=\"datePublished\">20 novembre 2024<\/span>\n                <\/p>\n\n                <h2 itemprop=\"headline\" class=\"h5\">La Fondation pour la recherche en sant\u00e9 annonce les r\u00e9cipiendaires de la M\u00e9daille d&rsquo;honneur et du Prix pour la diversit\u00e9 et l&rsquo;\u00e9quit\u00e9 en recherche 2024<\/h2>\n                \n                <p>LE Dr&nbsp;MICHAEL HILL RE\u00c7OIT LA M\u00c9DAILLE D\u2019HONNEUR ET LA Dre&nbsp;SONIA ANAND RE\u00c7OIT LE PRIX POUR LA DIVERSIT\u00c9 ET L\u2019\u00c9QUIT\u00c9 EN [&hellip;]<\/p>\n            <\/div>\n        <\/div>\n    <\/a>\n<\/article> <!-- #post-content -->\n\n<\/div><\/div>\n<\/div><\/div>\n<\/div><\/div>\n\n\n","protected":false},"excerpt":{"rendered":"<p>Recherche Nous b\u00e9n\u00e9ficions tous de meilleurs r\u00e9sultats durables pour les patients et le syst\u00e8me de sant\u00e9 du Canada. Prix Reconna\u00eetre [&hellip;]<\/p>\n","protected":false},"author":8,"featured_media":104,"parent":0,"menu_order":0,"comment_status":"closed","ping_status":"closed","template":"templates\/pages\/hrf-page.php","meta":{"_relevanssi_hide_post":"","_relevanssi_hide_content":"","_relevanssi_pin_for_all":"","_relevanssi_pin_keywords":"","_relevanssi_unpin_keywords":"","_relevanssi_related_keywords":"","_relevanssi_related_include_ids":"","_relevanssi_related_exclude_ids":"","_relevanssi_related_no_append":"","_relevanssi_related_not_related":"","_relevanssi_related_posts":"9178,9184,9192,9194,9196,9198","_relevanssi_noindex_reason":"","footnotes":""},"class_list":["post-306","page","type-page","status-publish","has-post-thumbnail","hentry"],"yoast_head":"<!-- This site is optimized with the Yoast SEO plugin v27.4 - https:\/\/yoast.com\/product\/yoast-seo-wordpress\/ -->\n<title>Fondation pour la recherche en sant\u00e9 - Health Research Foundation<\/title>\n<meta name=\"description\" content=\"La FRS investit dans la recherche universitaire canadienne en mati\u00e8re de sant\u00e9 et promeut la valeur de l&#039;innovation en mati\u00e8re de sant\u00e9 fond\u00e9e sur la recherche.\" \/>\n<meta name=\"robots\" content=\"index, follow, max-snippet:-1, max-image-preview:large, max-video-preview:-1\" \/>\n<link rel=\"canonical\" href=\"https:\/\/hrf-frs.com\/fr\/\" \/>\n<meta property=\"og:locale\" content=\"fr_FR\" \/>\n<meta property=\"og:type\" content=\"article\" \/>\n<meta property=\"og:title\" content=\"Fondation pour la recherche en sant\u00e9 - Health Research Foundation\" \/>\n<meta property=\"og:description\" content=\"La FRS investit dans la recherche universitaire canadienne en mati\u00e8re de sant\u00e9 et promeut la valeur de l&#039;innovation en mati\u00e8re de sant\u00e9 fond\u00e9e sur la recherche.\" \/>\n<meta property=\"og:url\" content=\"https:\/\/hrf-frs.com\/fr\/\" \/>\n<meta property=\"og:site_name\" content=\"Health Research Foundation\" \/>\n<meta property=\"article:modified_time\" content=\"2025-04-14T17:10:58+00:00\" \/>\n<meta property=\"og:image\" content=\"https:\/\/hrf-frs.com\/wp-content\/uploads\/sites\/2\/2025\/04\/browse-by-hrf-hero.jpg\" \/>\n\t<meta property=\"og:image:width\" content=\"1920\" \/>\n\t<meta property=\"og:image:height\" content=\"1280\" \/>\n\t<meta property=\"og:image:type\" content=\"image\/jpeg\" \/>\n<meta name=\"twitter:card\" content=\"summary_large_image\" \/>\n<meta name=\"twitter:label1\" content=\"Dur\u00e9e de lecture estim\u00e9e\" \/>\n\t<meta name=\"twitter:data1\" content=\"2 minutes\" \/>\n<script type=\"application\/ld+json\" class=\"yoast-schema-graph\">{\"@context\":\"https:\\\/\\\/schema.org\",\"@graph\":[{\"@type\":\"WebPage\",\"@id\":\"https:\\\/\\\/hrf-frs.com\\\/fr\\\/\",\"url\":\"https:\\\/\\\/hrf-frs.com\\\/fr\\\/\",\"name\":\"Fondation pour la recherche en sant\u00e9 - Health Research Foundation\",\"isPartOf\":{\"@id\":\"https:\\\/\\\/hrf-frs.com\\\/fr\\\/#website\"},\"primaryImageOfPage\":{\"@id\":\"https:\\\/\\\/hrf-frs.com\\\/fr\\\/#primaryimage\"},\"image\":{\"@id\":\"https:\\\/\\\/hrf-frs.com\\\/fr\\\/#primaryimage\"},\"thumbnailUrl\":\"https:\\\/\\\/hrf-frs.com\\\/wp-content\\\/uploads\\\/sites\\\/2\\\/2025\\\/04\\\/browse-by-hrf-hero.jpg\",\"datePublished\":\"2022-06-28T21:01:54+00:00\",\"dateModified\":\"2025-04-14T17:10:58+00:00\",\"description\":\"La FRS investit dans la recherche universitaire canadienne en mati\u00e8re de sant\u00e9 et promeut la valeur de l'innovation en mati\u00e8re de sant\u00e9 fond\u00e9e sur la recherche.\",\"breadcrumb\":{\"@id\":\"https:\\\/\\\/hrf-frs.com\\\/fr\\\/#breadcrumb\"},\"inLanguage\":\"fr-FR\",\"potentialAction\":[{\"@type\":\"ReadAction\",\"target\":[\"https:\\\/\\\/hrf-frs.com\\\/fr\\\/\"]}]},{\"@type\":\"ImageObject\",\"inLanguage\":\"fr-FR\",\"@id\":\"https:\\\/\\\/hrf-frs.com\\\/fr\\\/#primaryimage\",\"url\":\"https:\\\/\\\/hrf-frs.com\\\/wp-content\\\/uploads\\\/sites\\\/2\\\/2025\\\/04\\\/browse-by-hrf-hero.jpg\",\"contentUrl\":\"https:\\\/\\\/hrf-frs.com\\\/wp-content\\\/uploads\\\/sites\\\/2\\\/2025\\\/04\\\/browse-by-hrf-hero.jpg\",\"width\":1920,\"height\":1280},{\"@type\":\"BreadcrumbList\",\"@id\":\"https:\\\/\\\/hrf-frs.com\\\/fr\\\/#breadcrumb\",\"itemListElement\":[{\"@type\":\"ListItem\",\"position\":1,\"name\":\"Home\",\"item\":\"https:\\\/\\\/hrf-frs.com\\\/fr\\\/\"},{\"@type\":\"ListItem\",\"position\":2,\"name\":\"Fondation pour la recherche en sant\u00e9\"}]},{\"@type\":\"WebSite\",\"@id\":\"https:\\\/\\\/hrf-frs.com\\\/fr\\\/#website\",\"url\":\"https:\\\/\\\/hrf-frs.com\\\/fr\\\/\",\"name\":\"Health Research Foundation\",\"description\":\"Transforming Canadians\u2019 lives\",\"potentialAction\":[{\"@type\":\"SearchAction\",\"target\":{\"@type\":\"EntryPoint\",\"urlTemplate\":\"https:\\\/\\\/hrf-frs.com\\\/fr\\\/?s={search_term_string}\"},\"query-input\":{\"@type\":\"PropertyValueSpecification\",\"valueRequired\":true,\"valueName\":\"search_term_string\"}}],\"inLanguage\":\"fr-FR\"}]}<\/script>\n<!-- \/ Yoast SEO plugin. -->","yoast_head_json":{"title":"Fondation pour la recherche en sant\u00e9 - Health Research Foundation","description":"La FRS investit dans la recherche universitaire canadienne en mati\u00e8re de sant\u00e9 et promeut la valeur de l'innovation en mati\u00e8re de sant\u00e9 fond\u00e9e sur la recherche.","robots":{"index":"index","follow":"follow","max-snippet":"max-snippet:-1","max-image-preview":"max-image-preview:large","max-video-preview":"max-video-preview:-1"},"canonical":"https:\/\/hrf-frs.com\/fr\/","og_locale":"fr_FR","og_type":"article","og_title":"Fondation pour la recherche en sant\u00e9 - Health Research Foundation","og_description":"La FRS investit dans la recherche universitaire canadienne en mati\u00e8re de sant\u00e9 et promeut la valeur de l'innovation en mati\u00e8re de sant\u00e9 fond\u00e9e sur la recherche.","og_url":"https:\/\/hrf-frs.com\/fr\/","og_site_name":"Health Research Foundation","article_modified_time":"2025-04-14T17:10:58+00:00","og_image":[{"width":1920,"height":1280,"url":"https:\/\/hrf-frs.com\/wp-content\/uploads\/sites\/2\/2025\/04\/browse-by-hrf-hero.jpg","type":"image\/jpeg"}],"twitter_card":"summary_large_image","twitter_misc":{"Dur\u00e9e de lecture estim\u00e9e":"2 minutes"},"schema":{"@context":"https:\/\/schema.org","@graph":[{"@type":"WebPage","@id":"https:\/\/hrf-frs.com\/fr\/","url":"https:\/\/hrf-frs.com\/fr\/","name":"Fondation pour la recherche en sant\u00e9 - Health Research Foundation","isPartOf":{"@id":"https:\/\/hrf-frs.com\/fr\/#website"},"primaryImageOfPage":{"@id":"https:\/\/hrf-frs.com\/fr\/#primaryimage"},"image":{"@id":"https:\/\/hrf-frs.com\/fr\/#primaryimage"},"thumbnailUrl":"https:\/\/hrf-frs.com\/wp-content\/uploads\/sites\/2\/2025\/04\/browse-by-hrf-hero.jpg","datePublished":"2022-06-28T21:01:54+00:00","dateModified":"2025-04-14T17:10:58+00:00","description":"La FRS investit dans la recherche universitaire canadienne en mati\u00e8re de sant\u00e9 et promeut la valeur de l'innovation en mati\u00e8re de sant\u00e9 fond\u00e9e sur la recherche.","breadcrumb":{"@id":"https:\/\/hrf-frs.com\/fr\/#breadcrumb"},"inLanguage":"fr-FR","potentialAction":[{"@type":"ReadAction","target":["https:\/\/hrf-frs.com\/fr\/"]}]},{"@type":"ImageObject","inLanguage":"fr-FR","@id":"https:\/\/hrf-frs.com\/fr\/#primaryimage","url":"https:\/\/hrf-frs.com\/wp-content\/uploads\/sites\/2\/2025\/04\/browse-by-hrf-hero.jpg","contentUrl":"https:\/\/hrf-frs.com\/wp-content\/uploads\/sites\/2\/2025\/04\/browse-by-hrf-hero.jpg","width":1920,"height":1280},{"@type":"BreadcrumbList","@id":"https:\/\/hrf-frs.com\/fr\/#breadcrumb","itemListElement":[{"@type":"ListItem","position":1,"name":"Home","item":"https:\/\/hrf-frs.com\/fr\/"},{"@type":"ListItem","position":2,"name":"Fondation pour la recherche en sant\u00e9"}]},{"@type":"WebSite","@id":"https:\/\/hrf-frs.com\/fr\/#website","url":"https:\/\/hrf-frs.com\/fr\/","name":"Health Research Foundation","description":"Transforming Canadians\u2019 lives","potentialAction":[{"@type":"SearchAction","target":{"@type":"EntryPoint","urlTemplate":"https:\/\/hrf-frs.com\/fr\/?s={search_term_string}"},"query-input":{"@type":"PropertyValueSpecification","valueRequired":true,"valueName":"search_term_string"}}],"inLanguage":"fr-FR"}]}},"_links":{"self":[{"href":"https:\/\/hrf-frs.com\/fr\/wp-json\/wp\/v2\/pages\/306","targetHints":{"allow":["GET"]}}],"collection":[{"href":"https:\/\/hrf-frs.com\/fr\/wp-json\/wp\/v2\/pages"}],"about":[{"href":"https:\/\/hrf-frs.com\/fr\/wp-json\/wp\/v2\/types\/page"}],"author":[{"embeddable":true,"href":"https:\/\/hrf-frs.com\/fr\/wp-json\/wp\/v2\/users\/8"}],"replies":[{"embeddable":true,"href":"https:\/\/hrf-frs.com\/fr\/wp-json\/wp\/v2\/comments?post=306"}],"version-history":[{"count":3,"href":"https:\/\/hrf-frs.com\/fr\/wp-json\/wp\/v2\/pages\/306\/revisions"}],"predecessor-version":[{"id":675,"href":"https:\/\/hrf-frs.com\/fr\/wp-json\/wp\/v2\/pages\/306\/revisions\/675"}],"wp:featuredmedia":[{"embeddable":true,"href":"https:\/\/hrf-frs.com\/fr\/wp-json\/wp\/v2\/media\/104"}],"wp:attachment":[{"href":"https:\/\/hrf-frs.com\/fr\/wp-json\/wp\/v2\/media?parent=306"}],"curies":[{"name":"wp","href":"https:\/\/api.w.org\/{rel}","templated":true}]}}